{"id":955,"date":"2022-01-27T11:10:42","date_gmt":"2022-01-27T10:10:42","guid":{"rendered":"http:\/\/www.kulturei.ch\/?post_type=tribe_events&#038;p=955"},"modified":"2022-01-27T11:50:55","modified_gmt":"2022-01-27T10:50:55","slug":"trio-sorelle-nass-oder-trocken","status":"publish","type":"tribe_events","link":"https:\/\/www.kulturei.ch\/?tribe_events=trio-sorelle-nass-oder-trocken","title":{"rendered":"Trio Sorelle &#8211; ?NASS ODER TROCKEN?"},"content":{"rendered":"<p>?NASS ODER TROCKEN? \u2013 Ein musikalisches Streitgespr\u00e4ch \u00fcber den Lungernsee<\/p>\n<p>Vor 200 Jahren k\u00e4mpfte die Bev\u00f6lkerung von Lungern ums \u00dcberleben. Die Frage des Seeablasses spaltete die Leute in \u00abNasse\u00bb und \u00abTrockene\u00bb. Das Trio Sorelle l\u00e4sst dieses politische Ringen um eine sichere Zukunft musikalisch aufleben. Ob die gef\u00e4hrliche Sprengung des Seedammes wohl gelingen mag?<\/p>\n<p>Werke von Tschaikowski, von Weber, Chopin, Schweizer und internationale Volksmusik<\/p>\n<p>Rebekka Halter, Oboe<br \/>\nBrigitte Halter, Waldhorn<br \/>\nSilvia Halter, Violoncello<br \/>\n<a href=\"https:\/\/www.triosorelle.ch\/\">https:\/\/www.triosorelle.ch\/<\/a><\/p>\n<p><strong>Ort:<\/strong> Landgasthof B\u00e4ren in Sumiswald<br \/>\n<strong>Eintritt:<\/strong> 25.-<br \/>\n<strong>Mitglieder Kulturei:<\/strong> Erm\u00e4ssigung Fr. 5.-<br \/>\n<strong>Sch\u00fcler\/innen:<\/strong> gratis<br \/>\n<strong>Programmbeginn: <\/strong>17.00 Uhr<br \/>\n<strong>Coronamassnahmen: <\/strong>Es gelten, die per dato g\u00fcltigen Coronaregel<\/p>\n","protected":false},"excerpt":{"rendered":"<p>?NASS ODER TROCKEN? \u2013 Ein musikalisches Streitgespr\u00e4ch \u00fcber den Lungernsee Vor 200 Jahren k\u00e4mpfte die Bev\u00f6lkerung von Lungern ums \u00dcberleben. Die Frage des Seeablasses spaltete die Leute in \u00abNasse\u00bb und \u00abTrockene\u00bb. Das Trio Sorelle l\u00e4sst dieses politische Ringen um eine &hellip; <a href=\"https:\/\/www.kulturei.ch\/?tribe_events=trio-sorelle-nass-oder-trocken\">Weiterlesen <span class=\"meta-nav\">&rarr;<\/span><\/a><\/p>\n","protected":false},"author":1,"featured_media":956,"comment_status":"closed","ping_status":"closed","template":"","meta":{"_price":"","_stock":"","_tribe_ticket_header":"","_tribe_default_ticket_provider":"","_tribe_ticket_capacity":"","_ticket_start_date":"","_ticket_end_date":"","_tribe_ticket_show_description":"","_tribe_ticket_show_not_going":false,"_tribe_ticket_use_global_stock":"","_tribe_ticket_global_stock_level":"","_global_stock_mode":"","_global_stock_cap":"","_tribe_rsvp_for_event":"","_tribe_ticket_going_count":"","_tribe_ticket_not_going_count":"","_tribe_tickets_list":"[]","_tribe_ticket_has_attendee_info_fields":false,"_tribe_events_status":"","_tribe_events_status_reason":"","footnotes":"","_tec_slr_enabled":"","_tec_slr_layout":""},"tags":[],"tribe_events_cat":[],"class_list":["post-955","tribe_events","type-tribe_events","status-publish","has-post-thumbnail","hentry"],"ticketed":["rsvp"],"_links":{"self":[{"href":"https:\/\/www.kulturei.ch\/index.php?rest_route=\/wp\/v2\/tribe_events\/955","targetHints":{"allow":["GET"]}}],"collection":[{"href":"https:\/\/www.kulturei.ch\/index.php?rest_route=\/wp\/v2\/tribe_events"}],"about":[{"href":"https:\/\/www.kulturei.ch\/index.php?rest_route=\/wp\/v2\/types\/tribe_events"}],"author":[{"embeddable":true,"href":"https:\/\/www.kulturei.ch\/index.php?rest_route=\/wp\/v2\/users\/1"}],"replies":[{"embeddable":true,"href":"https:\/\/www.kulturei.ch\/index.php?rest_route=%2Fwp%2Fv2%2Fcomments&post=955"}],"version-history":[{"count":4,"href":"https:\/\/www.kulturei.ch\/index.php?rest_route=\/wp\/v2\/tribe_events\/955\/revisions"}],"predecessor-version":[{"id":1062,"href":"https:\/\/www.kulturei.ch\/index.php?rest_route=\/wp\/v2\/tribe_events\/955\/revisions\/1062"}],"wp:featuredmedia":[{"embeddable":true,"href":"https:\/\/www.kulturei.ch\/index.php?rest_route=\/wp\/v2\/media\/956"}],"wp:attachment":[{"href":"https:\/\/www.kulturei.ch\/index.php?rest_route=%2Fwp%2Fv2%2Fmedia&parent=955"}],"wp:term":[{"taxonomy":"post_tag","embeddable":true,"href":"https:\/\/www.kulturei.ch\/index.php?rest_route=%2Fwp%2Fv2%2Ftags&post=955"},{"taxonomy":"tribe_events_cat","embeddable":true,"href":"https:\/\/www.kulturei.ch\/index.php?rest_route=%2Fwp%2Fv2%2Ftribe_events_cat&post=955"}],"curies":[{"name":"wp","href":"https:\/\/api.w.org\/{rel}","templated":true}]}}