{"id":1745,"date":"2025-10-10T14:57:19","date_gmt":"2025-10-10T12:57:19","guid":{"rendered":"https:\/\/www.kulturei.ch\/?post_type=tribe_events&#038;p=1745"},"modified":"2025-10-10T14:57:19","modified_gmt":"2025-10-10T12:57:19","slug":"note-a-note-der-froschkoenig","status":"publish","type":"tribe_events","link":"https:\/\/www.kulturei.ch\/?tribe_events=note-a-note-der-froschkoenig","title":{"rendered":"Note \u00e0 Note &#8211; Der Froschk\u00f6nig"},"content":{"rendered":"<p><strong>Ein Familienkonzert nach dem M\u00e4rchen der Gebr\u00fcder Grimm<\/strong><br \/>\nAnfang 2026 bringt das Trio Note \u00e0 Note sein f\u00fcnftes Familienkonzert zur Auff\u00fchrung. In gewohnt feinf\u00fchliger, humorvoller und abwechslungsreicher Manier erweckt das Trio das M\u00e4rchen \u201eDer Froschk\u00f6nig\u201c in Worten (erz\u00e4hlt von Julia Frischknecht) und Bildern (von Yasemin G\u00fcnay) sowie mit passender Musik zum Leben.<br \/>\nDie frei nach den Gebr\u00fcdern Grimm konzipierte Version fokussiert sich auf die Geschichte eines Prinzen, der in einen Frosch verwandelt wird und sich in seiner neuen Gestalt und Realit\u00e4t zurechtfinden muss, aber auch auf eine junge Prinzessin, welche nach ihren eigenen Regeln spielt.<\/p>\n<p><strong>Trio Note \u00e0 Note<\/strong>: Livia Gu\u010danin, Sharon Mazzoletti, Magdalena Zwahlen<br \/>\n<strong>Illustrationen<\/strong>: Yasemin G\u00fcnay<br \/>\n<strong>Sprecherin<\/strong>: Julia Frischknecht (Schweizerdeutsch)<\/p>\n<p><strong>Eintritt<\/strong>: Kollekte<br \/>\n<strong>T\u00fcr\u00f6ffnung<\/strong>: ab 15.30 Uhr \/ <strong>Konzertbeginn<\/strong>: 16.00 Uhr<\/p>\n","protected":false},"excerpt":{"rendered":"<p>Ein Familienkonzert nach dem M\u00e4rchen der Gebr\u00fcder Grimm Anfang 2026 bringt das Trio Note \u00e0 Note sein f\u00fcnftes Familienkonzert zur Auff\u00fchrung. In gewohnt feinf\u00fchliger, humorvoller und abwechslungsreicher Manier erweckt das Trio das M\u00e4rchen \u201eDer Froschk\u00f6nig\u201c in Worten (erz\u00e4hlt von Julia &hellip; <a href=\"https:\/\/www.kulturei.ch\/?tribe_events=note-a-note-der-froschkoenig\">Weiterlesen <span class=\"meta-nav\">&rarr;<\/span><\/a><\/p>\n","protected":false},"author":1,"featured_media":1746,"comment_status":"closed","ping_status":"closed","template":"","meta":{"_price":"","_stock":"","_tribe_ticket_header":"","_tribe_default_ticket_provider":"","_tribe_ticket_capacity":"0","_ticket_start_date":"","_ticket_end_date":"","_tribe_ticket_show_description":"","_tribe_ticket_show_not_going":false,"_tribe_ticket_use_global_stock":"","_tribe_ticket_global_stock_level":"","_global_stock_mode":"","_global_stock_cap":"","_tribe_rsvp_for_event":"","_tribe_ticket_going_count":"","_tribe_ticket_not_going_count":"","_tribe_tickets_list":"[]","_tribe_ticket_has_attendee_info_fields":false,"_tribe_events_status":"","_tribe_events_status_reason":"","footnotes":"","_tec_slr_enabled":"","_tec_slr_layout":""},"tags":[],"tribe_events_cat":[],"class_list":["post-1745","tribe_events","type-tribe_events","status-publish","has-post-thumbnail","hentry"],"ticketed":false,"_links":{"self":[{"href":"https:\/\/www.kulturei.ch\/index.php?rest_route=\/wp\/v2\/tribe_events\/1745","targetHints":{"allow":["GET"]}}],"collection":[{"href":"https:\/\/www.kulturei.ch\/index.php?rest_route=\/wp\/v2\/tribe_events"}],"about":[{"href":"https:\/\/www.kulturei.ch\/index.php?rest_route=\/wp\/v2\/types\/tribe_events"}],"author":[{"embeddable":true,"href":"https:\/\/www.kulturei.ch\/index.php?rest_route=\/wp\/v2\/users\/1"}],"replies":[{"embeddable":true,"href":"https:\/\/www.kulturei.ch\/index.php?rest_route=%2Fwp%2Fv2%2Fcomments&post=1745"}],"version-history":[{"count":1,"href":"https:\/\/www.kulturei.ch\/index.php?rest_route=\/wp\/v2\/tribe_events\/1745\/revisions"}],"predecessor-version":[{"id":1747,"href":"https:\/\/www.kulturei.ch\/index.php?rest_route=\/wp\/v2\/tribe_events\/1745\/revisions\/1747"}],"wp:featuredmedia":[{"embeddable":true,"href":"https:\/\/www.kulturei.ch\/index.php?rest_route=\/wp\/v2\/media\/1746"}],"wp:attachment":[{"href":"https:\/\/www.kulturei.ch\/index.php?rest_route=%2Fwp%2Fv2%2Fmedia&parent=1745"}],"wp:term":[{"taxonomy":"post_tag","embeddable":true,"href":"https:\/\/www.kulturei.ch\/index.php?rest_route=%2Fwp%2Fv2%2Ftags&post=1745"},{"taxonomy":"tribe_events_cat","embeddable":true,"href":"https:\/\/www.kulturei.ch\/index.php?rest_route=%2Fwp%2Fv2%2Ftribe_events_cat&post=1745"}],"curies":[{"name":"wp","href":"https:\/\/api.w.org\/{rel}","templated":true}]}}