{"id":1568,"date":"2024-08-27T08:17:37","date_gmt":"2024-08-27T06:17:37","guid":{"rendered":"http:\/\/www.kulturei.ch\/?post_type=tribe_events&#038;p=1568"},"modified":"2024-11-02T12:15:25","modified_gmt":"2024-11-02T11:15:25","slug":"schloss-poetry-slam-4","status":"publish","type":"tribe_events","link":"https:\/\/www.kulturei.ch\/?tribe_events=schloss-poetry-slam-4","title":{"rendered":"Schloss Poetry Slam"},"content":{"rendered":"<p>Das Wortgefecht der Sprachgigantinnen und Sprachgiganten geht in die n\u00e4chste Runde! Im altehrw\u00fcrdigen Rittersaal im Schloss Sumiswald begr\u00fcssen wir erneut f\u00fcnf Poetinnen und Poeten im Kampf um Ruhm, Ehre und nat\u00fcrlich die obligate Flasche schottisches Lebenselixier.<\/p>\n<p><strong>Sven Hirsbrunner<\/strong> (Berner Meister 24)<br \/>\n<strong>Marco \u201eG\u00fcsche\u201c Gurtner<\/strong> (Schweizer Meister 2019)<br \/>\n<strong>Michael Frei<\/strong> (Schweizer Vizemeister 2019)<br \/>\n<strong>Ianique S\u00e4gesser<\/strong><br \/>\n<strong>Livia Bieri<\/strong> (Siegerin Slam@School 2017)<\/p>\n<p>Moderation: <strong>Peter Heiniger<\/strong><\/p>\n<p><strong>Eintritt:<\/strong>\u00a025.-<br \/>\n<strong>Mitglieder Kulturei:<\/strong>\u00a0Erm\u00e4ssigung Fr. 5.-<br \/>\n<strong>Sch\u00fcler\/innen:<\/strong>\u00a0gratis<br \/>\n<strong>T\u00fcr\u00f6ffnung:<\/strong>\u00a0ab 19.30 Uhr \/\u00a0<strong>Beginn:<\/strong>\u00a020.00 Uhr<\/p>\n","protected":false},"excerpt":{"rendered":"<p>Das Wortgefecht der Sprachgigantinnen und Sprachgiganten geht in die n\u00e4chste Runde! Im altehrw\u00fcrdigen Rittersaal im Schloss Sumiswald begr\u00fcssen wir erneut f\u00fcnf Poetinnen und Poeten im Kampf um Ruhm, Ehre und nat\u00fcrlich die obligate Flasche schottisches Lebenselixier. Sven Hirsbrunner (Berner Meister &hellip; <a href=\"https:\/\/www.kulturei.ch\/?tribe_events=schloss-poetry-slam-4\">Weiterlesen <span class=\"meta-nav\">&rarr;<\/span><\/a><\/p>\n","protected":false},"author":1,"featured_media":1569,"comment_status":"closed","ping_status":"closed","template":"","meta":{"_price":"","_stock":"","_tribe_ticket_header":"","_tribe_default_ticket_provider":"","_tribe_ticket_capacity":"","_ticket_start_date":"","_ticket_end_date":"","_tribe_ticket_show_description":"","_tribe_ticket_show_not_going":false,"_tribe_ticket_use_global_stock":"","_tribe_ticket_global_stock_level":"","_global_stock_mode":"","_global_stock_cap":"","_tribe_rsvp_for_event":"","_tribe_ticket_going_count":"","_tribe_ticket_not_going_count":"","_tribe_tickets_list":"[]","_tribe_ticket_has_attendee_info_fields":false,"_tribe_events_status":"","_tribe_events_status_reason":"","footnotes":"","_tec_slr_enabled":"","_tec_slr_layout":""},"tags":[],"tribe_events_cat":[],"class_list":["post-1568","tribe_events","type-tribe_events","status-publish","has-post-thumbnail","hentry"],"ticketed":["rsvp"],"_links":{"self":[{"href":"https:\/\/www.kulturei.ch\/index.php?rest_route=\/wp\/v2\/tribe_events\/1568","targetHints":{"allow":["GET"]}}],"collection":[{"href":"https:\/\/www.kulturei.ch\/index.php?rest_route=\/wp\/v2\/tribe_events"}],"about":[{"href":"https:\/\/www.kulturei.ch\/index.php?rest_route=\/wp\/v2\/types\/tribe_events"}],"author":[{"embeddable":true,"href":"https:\/\/www.kulturei.ch\/index.php?rest_route=\/wp\/v2\/users\/1"}],"replies":[{"embeddable":true,"href":"https:\/\/www.kulturei.ch\/index.php?rest_route=%2Fwp%2Fv2%2Fcomments&post=1568"}],"version-history":[{"count":3,"href":"https:\/\/www.kulturei.ch\/index.php?rest_route=\/wp\/v2\/tribe_events\/1568\/revisions"}],"predecessor-version":[{"id":1597,"href":"https:\/\/www.kulturei.ch\/index.php?rest_route=\/wp\/v2\/tribe_events\/1568\/revisions\/1597"}],"wp:featuredmedia":[{"embeddable":true,"href":"https:\/\/www.kulturei.ch\/index.php?rest_route=\/wp\/v2\/media\/1569"}],"wp:attachment":[{"href":"https:\/\/www.kulturei.ch\/index.php?rest_route=%2Fwp%2Fv2%2Fmedia&parent=1568"}],"wp:term":[{"taxonomy":"post_tag","embeddable":true,"href":"https:\/\/www.kulturei.ch\/index.php?rest_route=%2Fwp%2Fv2%2Ftags&post=1568"},{"taxonomy":"tribe_events_cat","embeddable":true,"href":"https:\/\/www.kulturei.ch\/index.php?rest_route=%2Fwp%2Fv2%2Ftribe_events_cat&post=1568"}],"curies":[{"name":"wp","href":"https:\/\/api.w.org\/{rel}","templated":true}]}}