{"id":1184,"date":"2022-10-18T14:31:01","date_gmt":"2022-10-18T12:31:01","guid":{"rendered":"http:\/\/www.kulturei.ch\/?post_type=tribe_events&#038;p=1184"},"modified":"2022-10-18T14:31:01","modified_gmt":"2022-10-18T12:31:01","slug":"architekturvortrag-unerwartetes-in-luzern-mit-dieter-schnell","status":"publish","type":"tribe_events","link":"https:\/\/www.kulturei.ch\/?tribe_events=architekturvortrag-unerwartetes-in-luzern-mit-dieter-schnell","title":{"rendered":"Architekturvortrag &#171;Unerwartetes in Luzern&#187; mit Dieter Schnell"},"content":{"rendered":"<p>\u00dcber Luzern weiss ein Nicht-Luzerner, dass viele Touristen aus Asien dorthin reisen &#8211; weshalb genau, weiss man allerdings nicht. Man kennt die Kappelbr\u00fccke und das KKL, damit hat es sich in der Regel. Doch zum einen hat die Altstadt von Luzern deutlich mehr zu bieten als diese zwei Bauwerke, zum anderen hat das Basler Architekturb\u00fcro Miller Maranta beim Gletschergarten eine neue architektonische Attraktion errichtet. Zudem baut das Berner Architekturb\u00fcro Rolf M\u00fchlethaler s\u00fcdlich des Bahnhofs ein neues Wohnquartier im ehemaligen Industriegebiet.<\/p>\n<p><strong>Vortrag: <\/strong>20:00 Uhr<br \/>\n<strong>Eintritt:<\/strong> frei, Kollekte<\/p>\n","protected":false},"excerpt":{"rendered":"<p>\u00dcber Luzern weiss ein Nicht-Luzerner, dass viele Touristen aus Asien dorthin reisen &#8211; weshalb genau, weiss man allerdings nicht. Man kennt die Kappelbr\u00fccke und das KKL, damit hat es sich in der Regel. Doch zum einen hat die Altstadt von &hellip; <a href=\"https:\/\/www.kulturei.ch\/?tribe_events=architekturvortrag-unerwartetes-in-luzern-mit-dieter-schnell\">Weiterlesen <span class=\"meta-nav\">&rarr;<\/span><\/a><\/p>\n","protected":false},"author":1,"featured_media":1185,"comment_status":"closed","ping_status":"closed","template":"","meta":{"_price":"","_stock":"","_tribe_ticket_header":"","_tribe_default_ticket_provider":"","_tribe_ticket_capacity":"0","_ticket_start_date":"","_ticket_end_date":"","_tribe_ticket_show_description":"","_tribe_ticket_show_not_going":false,"_tribe_ticket_use_global_stock":"","_tribe_ticket_global_stock_level":"","_global_stock_mode":"","_global_stock_cap":"","_tribe_rsvp_for_event":"","_tribe_ticket_going_count":"","_tribe_ticket_not_going_count":"","_tribe_tickets_list":"[]","_tribe_ticket_has_attendee_info_fields":false,"_tribe_events_status":"","_tribe_events_status_reason":"","footnotes":"","_tec_slr_enabled":"","_tec_slr_layout":""},"tags":[],"tribe_events_cat":[],"class_list":["post-1184","tribe_events","type-tribe_events","status-publish","has-post-thumbnail","hentry"],"ticketed":false,"_links":{"self":[{"href":"https:\/\/www.kulturei.ch\/index.php?rest_route=\/wp\/v2\/tribe_events\/1184","targetHints":{"allow":["GET"]}}],"collection":[{"href":"https:\/\/www.kulturei.ch\/index.php?rest_route=\/wp\/v2\/tribe_events"}],"about":[{"href":"https:\/\/www.kulturei.ch\/index.php?rest_route=\/wp\/v2\/types\/tribe_events"}],"author":[{"embeddable":true,"href":"https:\/\/www.kulturei.ch\/index.php?rest_route=\/wp\/v2\/users\/1"}],"replies":[{"embeddable":true,"href":"https:\/\/www.kulturei.ch\/index.php?rest_route=%2Fwp%2Fv2%2Fcomments&post=1184"}],"version-history":[{"count":1,"href":"https:\/\/www.kulturei.ch\/index.php?rest_route=\/wp\/v2\/tribe_events\/1184\/revisions"}],"predecessor-version":[{"id":1186,"href":"https:\/\/www.kulturei.ch\/index.php?rest_route=\/wp\/v2\/tribe_events\/1184\/revisions\/1186"}],"wp:featuredmedia":[{"embeddable":true,"href":"https:\/\/www.kulturei.ch\/index.php?rest_route=\/wp\/v2\/media\/1185"}],"wp:attachment":[{"href":"https:\/\/www.kulturei.ch\/index.php?rest_route=%2Fwp%2Fv2%2Fmedia&parent=1184"}],"wp:term":[{"taxonomy":"post_tag","embeddable":true,"href":"https:\/\/www.kulturei.ch\/index.php?rest_route=%2Fwp%2Fv2%2Ftags&post=1184"},{"taxonomy":"tribe_events_cat","embeddable":true,"href":"https:\/\/www.kulturei.ch\/index.php?rest_route=%2Fwp%2Fv2%2Ftribe_events_cat&post=1184"}],"curies":[{"name":"wp","href":"https:\/\/api.w.org\/{rel}","templated":true}]}}